{"id":33,"date":"2020-07-26T15:22:46","date_gmt":"2020-07-26T13:22:46","guid":{"rendered":"http:\/\/baltrad.fr\/gahemlalua\/?page_id=33"},"modified":"2020-11-08T19:44:42","modified_gmt":"2020-11-08T18:44:42","slug":"presentation","status":"publish","type":"page","link":"http:\/\/baltrad.fr\/gahemlalua\/presentation\/","title":{"rendered":"Pr\u00e9sentation"},"content":{"rendered":"<div id=\"pl-33\"  class=\"panel-layout\" ><div id=\"pg-33-0\"  class=\"panel-grid panel-no-style\" ><div id=\"pgc-33-0-0\"  class=\"panel-grid-cell\" ><div id=\"panel-33-0-0-0\" class=\"so-panel widget widget_sow-editor panel-first-child panel-last-child\" data-index=\"0\" ><div\n\t\t\t\n\t\t\tclass=\"so-widget-sow-editor so-widget-sow-editor-base\"\n\t\t\t\n\t\t>\n<div class=\"siteorigin-widget-tinymce textwidget\">\n\t<p>D\u2019horizons M\u00e9diterran\u00e9ens, Nord-Am\u00e9ricains, Gascons et Pyr\u00e9n\u00e9ens, ces quatre femmes sont r\u00e9solues \u00e0 jouer une musique \u00e9clectique sur les charpentes des danses traditionnelles imm\u00e9moriales. Ces quatre musiciennes ont d\u00e9j\u00e0 parcouru des sc\u00e8nes diverses : elles se rejoignent maintenant pour une nouvelle cr\u00e9ation \u00e0 quatre qui r\u00e9unit les musiques actuelles avec la musique traditionnelle. Accord\u00e9on diatonique, violon, fl\u00fbte et tambourin, guitare acoustique, basse \u00e9lectrique, et voix en polyphonie ; autant de force pour animer les pistes de bal trad et revendiquer la place de la femme et du vivre-ensemble dans ce monde.<\/p>\n<p>Claudia Delli Santi : violon, voix<br \/>\nMathilde Duffau : fl\u00fbte \u00e0 trois trous, tambourin \u00e0 cordes, voix<br \/>\nAnne-Lise Herbel : accord\u00e9on diatonique, tambour, voix<br \/>\nJulie Lambert : guitare, ukulele-basse, voix<\/p>\n<\/div>\n<\/div><\/div><\/div><div id=\"pgc-33-0-1\"  class=\"panel-grid-cell\" ><div id=\"panel-33-0-1-0\" class=\"so-panel widget widget_sow-image panel-first-child panel-last-child\" data-index=\"1\" ><div\n\t\t\t\n\t\t\tclass=\"so-widget-sow-image so-widget-sow-image-default-d6014b76747a-33\"\n\t\t\t\n\t\t>\n\n<div class=\"sow-image-container\">\n\t\t<img src=\"http:\/\/baltrad.fr\/gahemlalua\/wp-content\/uploads\/2020\/07\/gahemphoto.jpg\" width=\"2400\" height=\"1600\" srcset=\"http:\/\/baltrad.fr\/gahemlalua\/wp-content\/uploads\/2020\/07\/gahemphoto.jpg 2400w, http:\/\/baltrad.fr\/gahemlalua\/wp-content\/uploads\/2020\/07\/gahemphoto-300x200.jpg 300w, http:\/\/baltrad.fr\/gahemlalua\/wp-content\/uploads\/2020\/07\/gahemphoto-1024x683.jpg 1024w, http:\/\/baltrad.fr\/gahemlalua\/wp-content\/uploads\/2020\/07\/gahemphoto-768x512.jpg 768w, http:\/\/baltrad.fr\/gahemlalua\/wp-content\/uploads\/2020\/07\/gahemphoto-1536x1024.jpg 1536w, http:\/\/baltrad.fr\/gahemlalua\/wp-content\/uploads\/2020\/07\/gahemphoto-2048x1365.jpg 2048w, http:\/\/baltrad.fr\/gahemlalua\/wp-content\/uploads\/2020\/07\/gahemphoto-272x182.jpg 272w\" sizes=\"(max-width: 2400px) 100vw, 2400px\" title=\"Gahem la lua\" alt=\"Gahem la lua\" loading=\"lazy\" \t\tclass=\"so-widget-image\"\/>\n\t<\/div>\n\n<\/div><\/div><\/div><\/div><div id=\"pg-33-1\"  class=\"panel-grid panel-no-style\" ><div id=\"pgc-33-1-0\"  class=\"panel-grid-cell\" ><div id=\"panel-33-1-0-0\" class=\"so-panel widget widget_sow-editor panel-first-child panel-last-child\" data-index=\"2\" ><div\n\t\t\t\n\t\t\tclass=\"so-widget-sow-editor so-widget-sow-editor-base\"\n\t\t\t\n\t\t><h3 class=\"widget-title\">Claudia Delli Santi<\/h3>\n<div class=\"siteorigin-widget-tinymce textwidget\">\n\t<p><img decoding=\"async\" loading=\"lazy\" class=\"size-medium wp-image-81 alignleft\" src=\"http:\/\/baltrad.fr\/gahemlalua\/wp-content\/uploads\/2020\/07\/claudia-300x202.jpg\" alt=\"Claudia Delli Santi\" width=\"300\" height=\"202\" srcset=\"http:\/\/baltrad.fr\/gahemlalua\/wp-content\/uploads\/2020\/07\/claudia-300x202.jpg 300w, http:\/\/baltrad.fr\/gahemlalua\/wp-content\/uploads\/2020\/07\/claudia-768x518.jpg 768w, http:\/\/baltrad.fr\/gahemlalua\/wp-content\/uploads\/2020\/07\/claudia-272x182.jpg 272w, http:\/\/baltrad.fr\/gahemlalua\/wp-content\/uploads\/2020\/07\/claudia.jpg 923w\" sizes=\"(max-width: 300px) 100vw, 300px\" \/><\/p>\n<p>Claudia est une artiste italienne qui s'est nourrie d\u00e8s le plus jeune \u00e2ge des musiques traditionnelles du sud de l'Italie (des Pouilles). Sa carri\u00e8re artistique a continu\u00e9 \u00e0 Naples, une ville culturellement effervescente, un v\u00e9ritable chaudron bouillonnant de sons, de couleurs, de rencontres et de m\u00e9langes culturels.<\/p>\n<p>Au cours de voyages, seule ou au sein de groupes et projets (<em>Prapatapumpa Folk<\/em>, <em>Maria kletzmer tri\u00f9<\/em>, <em>Kalendis<\/em>, <em>Taksidia<\/em> et aujourd'hui <em>Gahem la lua<\/em>), elle a toujours essay\u00e9 de \u00ab\u00a0d\u00e9rober\u00a0\u00bb une partie de la musique avec laquelle elle est entr\u00e9e en contact, d\u00e9couvrant avec surprise des \u00e9l\u00e9ments communs entre des cultures pourtant diff\u00e9rentes.<\/p>\n<p>Et c\u2019est au c\u0153ur de ces enchev\u00eatrements artistiques qu\u2019elle a form\u00e9 son go\u00fbt musical et son identit\u00e9 artistique tr\u00e8s vari\u00e9e et foisonnante, allant de la musique serbe traditionnelle \u00e0 la chanson napolitaine, en passant par la musique pop am\u00e9ricaine, trouvant comme unique fil conducteur la beaut\u00e9 narrative qui existe en chacune de ces cultures.<\/p>\n<\/div>\n<\/div><\/div><\/div><div id=\"pgc-33-1-1\"  class=\"panel-grid-cell\" ><div id=\"panel-33-1-1-0\" class=\"so-panel widget widget_sow-editor panel-first-child panel-last-child\" data-index=\"3\" ><div\n\t\t\t\n\t\t\tclass=\"so-widget-sow-editor so-widget-sow-editor-base\"\n\t\t\t\n\t\t><h3 class=\"widget-title\">Anne-Lise Herbel<\/h3>\n<div class=\"siteorigin-widget-tinymce textwidget\">\n\t<p><img decoding=\"async\" loading=\"lazy\" class=\"alignright wp-image-110\" src=\"http:\/\/baltrad.fr\/gahemlalua\/wp-content\/uploads\/2020\/09\/Anne-Lise-300x300.jpg\" alt=\"\" width=\"200\" height=\"200\" srcset=\"http:\/\/baltrad.fr\/gahemlalua\/wp-content\/uploads\/2020\/09\/Anne-Lise-300x300.jpg 300w, http:\/\/baltrad.fr\/gahemlalua\/wp-content\/uploads\/2020\/09\/Anne-Lise-1024x1024.jpg 1024w, http:\/\/baltrad.fr\/gahemlalua\/wp-content\/uploads\/2020\/09\/Anne-Lise-150x150.jpg 150w, http:\/\/baltrad.fr\/gahemlalua\/wp-content\/uploads\/2020\/09\/Anne-Lise-768x768.jpg 768w, http:\/\/baltrad.fr\/gahemlalua\/wp-content\/uploads\/2020\/09\/Anne-Lise-650x650.jpg 650w, http:\/\/baltrad.fr\/gahemlalua\/wp-content\/uploads\/2020\/09\/Anne-Lise-350x350.jpg 350w, http:\/\/baltrad.fr\/gahemlalua\/wp-content\/uploads\/2020\/09\/Anne-Lise-90x90.jpg 90w, http:\/\/baltrad.fr\/gahemlalua\/wp-content\/uploads\/2020\/09\/Anne-Lise.jpg 1274w\" sizes=\"(max-width: 200px) 100vw, 200px\" \/>Anne-Lise a grandi dans le Gers o\u00f9 elle a commenc\u00e9 la clarinette \u00e0 8 ans en cursus classique. Elle a d\u00e9couvert la danse traditionnelle gasconne \u00e0 10 ans. A l'\u00e2ge adulte, elle a ajout\u00e9 \u00e0 sa panoplie l'accord\u00e9on diatonique et a joint ses passions pour la musique et la danse en jouant de la musique \u00e0 danser. Depuis, elle a fait partie de nombreux groupes de musique traditionnelle gasconne (<em>Licotissa<\/em>, <em>Lo Rond<\/em>, <em>Dus<\/em>, <em>Dus cad'un<\/em>\u2026) ou de musique \u00e0 danser d'influences multiples (<em>Gahem la lua<\/em>, <em>Marc et ses coussins<\/em>, <em>C Pas Grave<\/em>\u2026).<\/p>\n<p>Une partie de son temps est \u00e9galement consacr\u00e9 \u00e0 la transmission de la musique traditionnelle gasconne au sein de plusieurs \u00e9coles de musique en B\u00e9arn et en Bigorre. Elle transmet \u00e9galement la musique et parfois la danse au sein de l'association <em>Menestr\u00e8rs Gascons<\/em> lors de stages, d'ateliers ou d'initiations.<\/p>\n<\/div>\n<\/div><\/div><\/div><\/div><div id=\"pg-33-2\"  class=\"panel-grid panel-no-style\" ><div id=\"pgc-33-2-0\"  class=\"panel-grid-cell\" ><div id=\"panel-33-2-0-0\" class=\"so-panel widget widget_sow-editor panel-first-child panel-last-child\" data-index=\"4\" ><div\n\t\t\t\n\t\t\tclass=\"so-widget-sow-editor so-widget-sow-editor-base\"\n\t\t\t\n\t\t><h3 class=\"widget-title\">Mathilde Duffau<\/h3>\n<div class=\"siteorigin-widget-tinymce textwidget\">\n\t<p><img decoding=\"async\" loading=\"lazy\" class=\"size-medium wp-image-109 alignleft\" src=\"http:\/\/baltrad.fr\/gahemlalua\/wp-content\/uploads\/2020\/09\/D3B0092-bd-1-2-300x286.jpg\" alt=\"Mathilde Duffau\" width=\"300\" height=\"286\" srcset=\"http:\/\/baltrad.fr\/gahemlalua\/wp-content\/uploads\/2020\/09\/D3B0092-bd-1-2-300x286.jpg 300w, http:\/\/baltrad.fr\/gahemlalua\/wp-content\/uploads\/2020\/09\/D3B0092-bd-1-2-1024x978.jpg 1024w, http:\/\/baltrad.fr\/gahemlalua\/wp-content\/uploads\/2020\/09\/D3B0092-bd-1-2-768x733.jpg 768w, http:\/\/baltrad.fr\/gahemlalua\/wp-content\/uploads\/2020\/09\/D3B0092-bd-1-2-1536x1466.jpg 1536w, http:\/\/baltrad.fr\/gahemlalua\/wp-content\/uploads\/2020\/09\/D3B0092-bd-1-2-2048x1955.jpg 2048w\" sizes=\"(max-width: 300px) 100vw, 300px\" \/><\/p>\n<p>Berc\u00e9e par la musique et la danse gasconnes d\u00e8s sa plus tendre enfance, Mathilde tombe amoureuse de la fl\u00fbte \u00e0 trois trous \u00e0 l'\u00e2ge de 7 ans, quand Jean Baudoin lui fait essayer cet instrument \u00e0 l'\u00e9cole Calandreta. Le tambourin \u00e0 cordes (qui va de pair avec la fl\u00fbte) s'ajoute naturellement \u00e0 sa panoplie lors de ses \u00e9tudes musicales. D\u00e8s ses 14 ans, Mathilde essaime les sc\u00e8nes de la r\u00e9gion avec le groupe de bal <em>Papar'\u00d2c<\/em>.<\/p>\n<p>Passionn\u00e9e de musique et danse traditionnelles gasconnes, elle s'int\u00e9resse aussi \u00e0 celles de nombreux autres territoires europ\u00e9ens.<\/p>\n<p>Titulaire du DE de professeur de musique traditionnelle, Mathilde enseigne la fl\u00fbte et le tambourin depuis plusieurs ann\u00e9es. Elle pratique \u00e9galement le chant, la danse et, \u00e0 ses heures perdues, la caram\u00e8ra et la boha (cornemuse des Landes de Gascogne).<\/p>\n<p>On peut la voir dans les groupes <em>Gahem la lua<\/em>, <em>Licotissa<\/em> et <em>Papar'\u00d2c<\/em>.<\/p>\n<\/div>\n<\/div><\/div><\/div><div id=\"pgc-33-2-1\"  class=\"panel-grid-cell\" ><div id=\"panel-33-2-1-0\" class=\"so-panel widget widget_sow-editor panel-first-child panel-last-child\" data-index=\"5\" ><div\n\t\t\t\n\t\t\tclass=\"so-widget-sow-editor so-widget-sow-editor-base\"\n\t\t\t\n\t\t><h3 class=\"widget-title\">Julie Lambert<\/h3>\n<div class=\"siteorigin-widget-tinymce textwidget\">\n\t<p><img decoding=\"async\" loading=\"lazy\" class=\"size-medium wp-image-108 alignright\" src=\"http:\/\/baltrad.fr\/gahemlalua\/wp-content\/uploads\/2020\/09\/Julie-225x300.jpg\" alt=\"Julie Lambert\" width=\"225\" height=\"300\" srcset=\"http:\/\/baltrad.fr\/gahemlalua\/wp-content\/uploads\/2020\/09\/Julie-225x300.jpg 225w, http:\/\/baltrad.fr\/gahemlalua\/wp-content\/uploads\/2020\/09\/Julie-766x1024.jpg 766w, http:\/\/baltrad.fr\/gahemlalua\/wp-content\/uploads\/2020\/09\/Julie-768x1026.jpg 768w, http:\/\/baltrad.fr\/gahemlalua\/wp-content\/uploads\/2020\/09\/Julie-1150x1536.jpg 1150w, http:\/\/baltrad.fr\/gahemlalua\/wp-content\/uploads\/2020\/09\/Julie.jpg 1440w\" sizes=\"(max-width: 225px) 100vw, 225px\" \/><span lang=\"FR\">Julie Lambert, auteur compositeur, est issue d\u2019une famille new-yorkaise musicienne. Depuis son arriv\u00e9e en France et en Europe, elle ne cesse d\u2019\u00e9largir sa palette musicale d\u00e9j\u00e0 riche en blues, country, \u00ab\u00a0trad\u00a0\u00bb, soul, jazz, folk, br\u00e9silien, lyrique, pop...<br \/>\n<\/span>Multi-instrumentiste, chanteuse \u00e0 \u00ab\u00a0voix\u00a0\u00bb mais aussi chef de ch\u0153ur et coach vocal dipl\u00f4m\u00e9e en p\u00e9dagogie musicale, elle partage sa passion avec ses \u00e9l\u00e8ves et sur sc\u00e8ne, s'inspirant des influences comme Aretha Franklin et Ella Fitzgerald, ou Joni Mitchell et Tracy Chapman.<br \/>\nSes \u0153uvres d\u2019auteur\/compositeur se trouvent sur trois albums auto-produits et sont interpr\u00e9t\u00e9es sur sc\u00e8ne avec diverses formations.<\/p>\n<p>La rencontre fortuite avec des membres de Gahem la lua lui a fait renouer avec la musique qui l\u2019a frein\u00e9e dans son \u00e9lan de voyageuse pour que finalement elle s\u2019installe en France, il y a 25 ans : la musique traditionnelle europ\u00e9enne. Dans cette nouvelle formation, elle se r\u00e9jouit d'invoquer la force du f\u00e9minin en chair et en \"Noz\" \u00e0 la Pyr\u00e9n\u00e9enne.<\/p>\n<\/div>\n<\/div><\/div><\/div><\/div><\/div>","protected":false},"excerpt":{"rendered":"<p>D\u2019horizons M\u00e9diterran\u00e9ens, Nord-Am\u00e9ricains, Gascons et Pyr\u00e9n\u00e9ens, ces quatre femmes sont r\u00e9solues \u00e0 jouer une musique \u00e9clectique sur les charpentes des danses traditionnelles imm\u00e9moriales. Ces quatre musiciennes ont d\u00e9j\u00e0 parcouru des sc\u00e8nes diverses : elles se rejoignent maintenant pour une nouvelle cr\u00e9ation \u00e0 quatre qui r\u00e9unit les musiques actuelles avec la musique traditionnelle. Accord\u00e9on diatonique, violon, [&hellip;]<\/p>\n","protected":false},"author":1,"featured_media":0,"parent":0,"menu_order":0,"comment_status":"closed","ping_status":"closed","template":"page-templates\/full-width-page.php","meta":[],"_links":{"self":[{"href":"http:\/\/baltrad.fr\/gahemlalua\/wp-json\/wp\/v2\/pages\/33"}],"collection":[{"href":"http:\/\/baltrad.fr\/gahemlalua\/wp-json\/wp\/v2\/pages"}],"about":[{"href":"http:\/\/baltrad.fr\/gahemlalua\/wp-json\/wp\/v2\/types\/page"}],"author":[{"embeddable":true,"href":"http:\/\/baltrad.fr\/gahemlalua\/wp-json\/wp\/v2\/users\/1"}],"replies":[{"embeddable":true,"href":"http:\/\/baltrad.fr\/gahemlalua\/wp-json\/wp\/v2\/comments?post=33"}],"version-history":[{"count":27,"href":"http:\/\/baltrad.fr\/gahemlalua\/wp-json\/wp\/v2\/pages\/33\/revisions"}],"predecessor-version":[{"id":150,"href":"http:\/\/baltrad.fr\/gahemlalua\/wp-json\/wp\/v2\/pages\/33\/revisions\/150"}],"wp:attachment":[{"href":"http:\/\/baltrad.fr\/gahemlalua\/wp-json\/wp\/v2\/media?parent=33"}],"curies":[{"name":"wp","href":"https:\/\/api.w.org\/{rel}","templated":true}]}}