{"id":809,"date":"2023-09-12T21:24:26","date_gmt":"2023-09-12T19:24:26","guid":{"rendered":"http:\/\/baltrad.fr\/marcetsescoussins\/?page_id=809"},"modified":"2026-04-16T23:43:28","modified_gmt":"2026-04-16T21:43:28","slug":"une-musique-petillante-et-poetique","status":"publish","type":"page","link":"http:\/\/baltrad.fr\/marcetsescoussins\/","title":{"rendered":"Une musique p\u00e9tillante et po\u00e9tique\u2026"},"content":{"rendered":"\n<div class=\"wp-block-columns is-layout-flex wp-container-3 wp-block-columns-is-layout-flex\">\n<div class=\"wp-block-column is-layout-flow wp-block-column-is-layout-flow\" style=\"flex-basis:66.66%\">\n<h3 class=\"widget-title\">Mesc<\/h3>\n<p>Marc \u00e9tait plut\u00f4t n\u00e9o-trad, Anne-Lise vient du milieu de la musique traditionnelle gasconne, Jeanne a voyag\u00e9 du jazz au klezmer et Sylvain vient des percussions classiques et d\u00e9couvre la musique traditionnelle au travers de la danse. Leur musique m\u00e9lange toutes ces influences pour donner un bal riche et \u00e9nergique, fait essentiellement de compositions originales.<\/p>\n<p>Leurs morceaux pleins d\u2019\u00e9motions vous entra\u00eeneront dans un voyage o\u00f9 r\u00e8gnent la po\u00e9sie et la bonne humeur, o\u00f9 on peut entendre des langues de tous les coins de l\u2019Europe, o\u00f9 rondeaux, scottishs, mazurkas, cercles circassiens\u2026 se succ\u00e8dent pour le bonheur de tous.<\/p>\n<p>Ils jouent essentiellement des compositions, avec quelques morceaux \u00ab emprunt\u00e9s \u00bb arrang\u00e9s \u00e0 leur sauce. Tous trois composent, ensemble ou s\u00e9par\u00e9ment, et en \u00e9coutant bien, on peut retrouver qui a \u00e9crit le morceau gr\u00e2ce aux influences qu\u2019on y per\u00e7oit. Il y a des morceaux chant\u00e9s (en occitan, en fran\u00e7ais, en suisse-allemand, en hongrois, en italien\u2026) et d\u2019autres uniquement instrumentaux.<\/p>\n<p>On y trouve des danses vari\u00e9es. Celles pratiqu\u00e9es partout en Gascogne (congo, diverses formes de rondeaux, branle) et ailleurs en Occitanie (bourr\u00e9es, ronde du Quercy), les classiques des bals europ\u00e9ens (scottish, mazurka, polka, cercle circassien, chapelloise\u2026) mais aussi d\u2019autres un peu moins usuelles (gavotte, borregada, courante de Lomagne, valse \u00e0 5 temps, scottish-valse\u2026).<\/p>\n<\/div>\n\n\n\n<div class=\"wp-block-column is-layout-flow wp-block-column-is-layout-flow\" style=\"flex-basis:33.33%\">\n<div class=\"textwidget custom-html-widget\"> <\/div>\n<\/div>\n<\/div>\n\n\n\n<div class=\"wp-block-columns is-layout-flex wp-container-7 wp-block-columns-is-layout-flex\">\n<div class=\"wp-block-column is-layout-flow wp-block-column-is-layout-flow\">\n<h3 class=\"widget-title\">Dates<\/h3>\n<ul>\n<li>D 05\/07\/26 &#8211; Ordan-Larroque (32)<\/li>\n<li>S 19\/09\/26 &#8211; option<\/li>\n<\/ul>\n<\/div>\n\n\n\n<div class=\"wp-block-column is-layout-flow wp-block-column-is-layout-flow\">\n<h3 class=\"widget-title\">Photos et vid\u00e9os<\/h3>\n<p><img decoding=\"async\" loading=\"lazy\" class=\"alignleft size-full wp-image-903\" src=\"http:\/\/baltrad.fr\/marcetsescoussins\/wp-content\/uploads\/2025\/04\/Mesc4_web.jpg\" alt=\"Mesc\" width=\"2000\" height=\"2000\" srcset=\"http:\/\/baltrad.fr\/marcetsescoussins\/wp-content\/uploads\/2025\/04\/Mesc4_web.jpg 2000w, http:\/\/baltrad.fr\/marcetsescoussins\/wp-content\/uploads\/2025\/04\/Mesc4_web-300x300.jpg 300w, http:\/\/baltrad.fr\/marcetsescoussins\/wp-content\/uploads\/2025\/04\/Mesc4_web-1024x1024.jpg 1024w, http:\/\/baltrad.fr\/marcetsescoussins\/wp-content\/uploads\/2025\/04\/Mesc4_web-150x150.jpg 150w, http:\/\/baltrad.fr\/marcetsescoussins\/wp-content\/uploads\/2025\/04\/Mesc4_web-768x768.jpg 768w, http:\/\/baltrad.fr\/marcetsescoussins\/wp-content\/uploads\/2025\/04\/Mesc4_web-1536x1536.jpg 1536w, http:\/\/baltrad.fr\/marcetsescoussins\/wp-content\/uploads\/2025\/04\/Mesc4_web-650x650.jpg 650w, http:\/\/baltrad.fr\/marcetsescoussins\/wp-content\/uploads\/2025\/04\/Mesc4_web-350x350.jpg 350w, http:\/\/baltrad.fr\/marcetsescoussins\/wp-content\/uploads\/2025\/04\/Mesc4_web-90x90.jpg 90w\" sizes=\"(max-width: 2000px) 100vw, 2000px\" \/><\/p>\n<p><iframe loading=\"lazy\" title=\"Marc et ses coussins - Teaser 2023\" width=\"640\" height=\"360\" src=\"https:\/\/www.youtube.com\/embed\/Z6ch1WystyU?feature=oembed\" frameborder=\"0\" allow=\"accelerometer; autoplay; clipboard-write; encrypted-media; gyroscope; picture-in-picture; web-share\" referrerpolicy=\"strict-origin-when-cross-origin\" allowfullscreen><\/iframe><\/p>\n<\/div>\n\n\n\n<div class=\"wp-block-column is-layout-flow wp-block-column-is-layout-flow\">\n<h3 class=\"widget-title\">\u00c9couter<\/h3>\n<p>\u00c4r u Sie (mazurka)<\/p>\n<!--[if lt IE 9]><script>document.createElement('audio');<\/script><![endif]-->\n<audio class=\"wp-audio-shortcode\" id=\"audio-809-1\" preload=\"none\" style=\"width: 100%;\" controls=\"controls\"><source type=\"audio\/mpeg\" src=\"http:\/\/baltrad.fr\/marcetsescoussins\/wp-content\/uploads\/2018\/04\/\u00c4r-u-Sie.mp3?_=1\" \/><a href=\"http:\/\/baltrad.fr\/marcetsescoussins\/wp-content\/uploads\/2018\/04\/\u00c4r-u-Sie.mp3\">http:\/\/baltrad.fr\/marcetsescoussins\/wp-content\/uploads\/2018\/04\/\u00c4r-u-Sie.mp3<\/a><\/audio>\n<p>Rond (cercle circassien)<\/p>\n<audio class=\"wp-audio-shortcode\" id=\"audio-809-2\" preload=\"none\" style=\"width: 100%;\" controls=\"controls\"><source type=\"audio\/mpeg\" src=\"http:\/\/baltrad.fr\/marcetsescoussins\/wp-content\/uploads\/2018\/04\/Rond.mp3?_=2\" \/><a href=\"http:\/\/baltrad.fr\/marcetsescoussins\/wp-content\/uploads\/2018\/04\/Rond.mp3\">http:\/\/baltrad.fr\/marcetsescoussins\/wp-content\/uploads\/2018\/04\/Rond.mp3<\/a><\/audio>\n<p>Rose (ronde du Quercy)<\/p>\n<audio class=\"wp-audio-shortcode\" id=\"audio-809-3\" preload=\"none\" style=\"width: 100%;\" controls=\"controls\"><source type=\"audio\/mpeg\" src=\"http:\/\/baltrad.fr\/marcetsescoussins\/wp-content\/uploads\/2018\/04\/Rose.mp3?_=3\" \/><a href=\"http:\/\/baltrad.fr\/marcetsescoussins\/wp-content\/uploads\/2018\/04\/Rose.mp3\">http:\/\/baltrad.fr\/marcetsescoussins\/wp-content\/uploads\/2018\/04\/Rose.mp3<\/a><\/audio>\n<p style=\"margin-top: 15px;\"><a href=\"http:\/\/baltrad.fr\/marcetsescoussins\/ecouter\/\">&gt;&gt; Aller sur la page \u00c9couter<\/a><\/p>\n<\/div>\n<\/div>\n","protected":false},"excerpt":{"rendered":"<p>Mesc Marc \u00e9tait plut\u00f4t n\u00e9o-trad, Anne-Lise vient du milieu de la musique traditionnelle gasconne, Jeanne a voyag\u00e9 du jazz au klezmer et Sylvain vient des percussions classiques et d\u00e9couvre la musique traditionnelle au travers de la danse. Leur musique m\u00e9lange toutes ces influences pour donner un bal riche et \u00e9nergique, fait essentiellement de compositions originales. [&hellip;]<\/p>\n","protected":false},"author":1,"featured_media":0,"parent":0,"menu_order":0,"comment_status":"closed","ping_status":"closed","template":"page-templates\/full-width-page.php","meta":{"footnotes":""},"_links":{"self":[{"href":"http:\/\/baltrad.fr\/marcetsescoussins\/wp-json\/wp\/v2\/pages\/809"}],"collection":[{"href":"http:\/\/baltrad.fr\/marcetsescoussins\/wp-json\/wp\/v2\/pages"}],"about":[{"href":"http:\/\/baltrad.fr\/marcetsescoussins\/wp-json\/wp\/v2\/types\/page"}],"author":[{"embeddable":true,"href":"http:\/\/baltrad.fr\/marcetsescoussins\/wp-json\/wp\/v2\/users\/1"}],"replies":[{"embeddable":true,"href":"http:\/\/baltrad.fr\/marcetsescoussins\/wp-json\/wp\/v2\/comments?post=809"}],"version-history":[{"count":30,"href":"http:\/\/baltrad.fr\/marcetsescoussins\/wp-json\/wp\/v2\/pages\/809\/revisions"}],"predecessor-version":[{"id":926,"href":"http:\/\/baltrad.fr\/marcetsescoussins\/wp-json\/wp\/v2\/pages\/809\/revisions\/926"}],"wp:attachment":[{"href":"http:\/\/baltrad.fr\/marcetsescoussins\/wp-json\/wp\/v2\/media?parent=809"}],"curies":[{"name":"wp","href":"https:\/\/api.w.org\/{rel}","templated":true}]}}