{"id":840,"date":"2023-09-12T21:49:28","date_gmt":"2023-09-12T19:49:28","guid":{"rendered":"http:\/\/baltrad.fr\/marcetsescoussins\/?page_id=840"},"modified":"2026-04-16T23:40:43","modified_gmt":"2026-04-16T21:40:43","slug":"agenda-3","status":"publish","type":"page","link":"http:\/\/baltrad.fr\/marcetsescoussins\/agenda-3\/","title":{"rendered":"Agenda"},"content":{"rendered":"\n<div class=\"wp-block-columns is-layout-flex wp-container-3 wp-block-columns-is-layout-flex\">\n<div class=\"wp-block-column is-layout-flow wp-block-column-is-layout-flow\" style=\"flex-basis:66.66%\">\n<h3 class=\"widget-title\">Dates \u00e0 venir :<\/h3>\n<ul>\n<li>D 05\/07\/26 &#8211; Ordan-Larroque (32)<\/li>\n<li>S 19\/09\/26 &#8211; option<\/li>\n<\/ul>\n<h3 class=\"widget-title\">Dates pass\u00e9es :<\/h3>\n<ul>\n<li>27\/09\/25 &#8211; Moncrabeau (47)<\/li>\n<li>01\/05\/25 &#8211; Auch (32)<\/li>\n<li>28\/09\/24 &#8211; Moncrabeau (47)<\/li>\n<li>24\/08\/24 &#8211; Roques (32)<\/li>\n<li>13\/07\/24 &#8211; Mirande (32)<\/li>\n<li>11\/05\/24 &#8211; Pavie (32) : Festival Trad&rsquo;Envie<\/li>\n<li>20\/01\/24 &#8211; Prayssas (47)<\/li>\n<li>23\/09\/23 &#8211; Moncrabeau (47)<\/li>\n<li>23\/06\/23 &#8211; Castelnau-Barbarens (32) : Festival Lo Rond\u00e8u de Castelnau<\/li>\n<li>26\/05\/23 &#8211; Monein (64)<\/li>\n<li>14\/05\/23 &#8211; Dunes (82)<\/li>\n<li>13\/05\/23 &#8211; Gimont (32)<\/li>\n<li>23\/10\/22 \u2013 Juran\u00e7on (64)<\/li>\n<li>01\/10\/22 \u2013 bal priv\u00e9<\/li>\n<li>23\/07\/22 \u2013 La Romieu (32) : Festival Musique en chemin<\/li>\n<li>17\/07\/22 \u2013 Simorre (32) : Festival Joue contre joue<\/li>\n<li>16\/07\/22 \u2013 St-Pierre-de-Clairac (47) : Ferme Lou Cornal<\/li>\n<li>14\/05\/22 \u2013 Cierp-Gaud (31)<\/li>\n<li>07\/05\/22 \u2013 Lectoure (32)<\/li>\n<li>19\/03\/22 \u2013 Castin (32)<\/li>\n<li>24\/10\/21 \u2013 Hitzkirch (CH)<\/li>\n<li>23\/10\/21 \u2013 Lenzburg (CH)<\/li>\n<li>24\/09\/21 \u2013 Eauze (32)<\/li>\n<li><span style=\"text-decoration: line-through;\">18\/09\/21 \u2013 Castelnau-Barbarens (32)<\/span> ANNUL\u00c9<\/li>\n<li>31\/07\/21 \u2013 St-Pierre-de-Clairac (47)<\/li>\n<li><span style=\"text-decoration: line-through;\">27\/06\/21 \u2013 Castelnau-Barbarens (32) : Lo Rond\u00e8u de Castelnau <a href=\"https:\/\/www.lorondeu.com\/\" target=\"_blank\" rel=\"noopener\">+<\/a><\/span> ANNUL\u00c9<\/li>\n<li><span style=\"text-decoration: line-through;\">15\/11\/20 \u2013 Aurions-Idernes (64) : Clos Les Mets d\u2019\u00c2mes<\/span> ANNUL\u00c9<\/li>\n<li>23\/07\/20 \u2013 Auch (32) : Cin\u00e932<\/li>\n<li>19\/07\/20 \u2013 Simorre (32)<\/li>\n<li><span style=\"text-decoration: line-through;\">09\/05\/20 \u2013 Peyre (40) : festival Festibaluy \u2013 TradEnElle<\/span> ANNUL\u00c9<\/li>\n<li><span style=\"text-decoration: line-through;\">29\/03\/20 \u2013 Marciac (32)<\/span> ANNUL\u00c9<\/li>\n<li><span style=\"text-decoration: line-through;\">28\/03\/20 \u2013 Castin (32) : Prima deus contaires<\/span> ANNUL\u00c9<\/li>\n<li><span style=\"text-decoration: line-through;\">14\/03\/20 \u2013 Condom (32)<\/span> ANNUL\u00c9<\/li>\n<li>28\/02\/20 \u2013 Pau (64)<\/li>\n<li>30\/10\/19 \u2013 Saint-Bauzille-de-Montmel (34)<\/li>\n<li>28\/10\/19 \u2013 B\u00e2le (CH)<\/li>\n<li>25\/10\/19 \u2013 Gelfingen (CH) : concert<\/li>\n<li>24\/10\/19 \u2013 Locarno (CH) : concert<\/li>\n<li>23\/10\/19 \u2013 Lauriano (IT)<\/li>\n<li>22\/10\/19 \u2013 Marseille (13)<\/li>\n<li>20\/08\/19 \u2013 Auch (32) : AlterTour<\/li>\n<li>06\/07\/19 \u2013 Auch (32)<\/li>\n<li>30\/03\/19 \u2013 Auch (32)<\/li>\n<li>16\/02\/19 \u2013 Eauze (32)<\/li>\n<li>12\/01\/19 \u2013 Auch (32)<\/li>\n<li>31\/12\/18 \u2013 St Gaudens (31) : R\u00e9veillon du Cercle Occitan Commingeois<\/li>\n<li>15\/12\/18 \u2013 concert priv\u00e9 (64)<\/li>\n<li>09\/11\/18 \u2013 Auch (32) : Cin\u00e932, bal pr\u00e9c\u00e9d\u00e9 de la projection du film \u00ab\u00a0Le Grand Bal\u00a0\u00bb en pr\u00e9sence de la r\u00e9alisatrice Laetitia Carton<\/li>\n<li>27\/10\/18 \u2013 Viala-du-Tarn (12)<\/li>\n<li>14\/10\/18 \u2013 Arudy (64) : festival \u00ab\u00a0\u00c9tonnants Randonneurs\u00a0\u00bb<\/li>\n<li>05\/08\/18 \u2013 Simorre (32) : festival \u00ab\u00a0Le P\u00eacheur de chaussures\u00a0\u00bb<\/li>\n<li>06\/07\/18 \u2013 Bill\u00e8re (64)<\/li>\n<li>23\/06\/18 \u2013 Castelnau-Barbarens (32)<\/li>\n<li>29\/03\/18 \u2013 Auch (32)<\/li>\n<li>26\/01\/18 \u2013 St Marcel d\u2019Aude (11)<\/li>\n<li>16\/12\/17 \u2013 Lavardens (32)<\/li>\n<li>15\/12\/17 \u2013 Castanet-Tolosan (31)<\/li>\n<li>03\/12\/17 \u2013 S\u00e9narens (31)<\/li>\n<li>02\/12\/17 \u2013 Auch (32)<\/li>\n<li>30\/10\/17 \u2013 Toulouse (31)<\/li>\n<li>08\/10\/17 \u2013 Dachsberg (DE)<\/li>\n<li>07\/10\/17 \u2013 Baden-Baden (DE)<\/li>\n<li>05\/10\/17 \u2013 Montpellier (34)<\/li>\n<li>04\/10\/17 \u2013 Azillanet (34)<\/li>\n<li>30\/09\/17 \u2013 Auch (32) : H\u00e8sta gascona<\/li>\n<li>02\/07\/17 \u2013 J\u00e9gun (32)<\/li>\n<li>21\/06\/17 \u2013 Auch (32)<\/li>\n<li>26\/05\/17 \u2013 Pavie (32) : Festival Trad\u2019Envie<\/li>\n<li>19\/02\/17 \u2013 S\u00e9narens (31)<\/li>\n<li>18\/02\/17 \u2013 Marsan (32) : Love bal des P\u2019tits Balauchs<\/li>\n<li>05\/11\/16 \u2013 Auch (32)<\/li>\n<li>25\/09\/16 \u2013 Montfort (32)<\/li>\n<li>17\/09\/16 \u2013 Simorre (32) : Bouche \u00c0 Oreille<\/li>\n<\/ul>\n<\/div>\n\n\n\n<div class=\"wp-block-column is-layout-flow wp-block-column-is-layout-flow\" style=\"flex-basis:33.33%\">\n<\/p>\n<div style=\"clear: both; height: 20px;\">\u00a0<\/div>\n<p style=\"margin-top: 20px;\"><img decoding=\"async\" loading=\"lazy\" class=\"alignleft size-full wp-image-203\" src=\"http:\/\/baltrad.fr\/marcetsescoussins\/wp-content\/uploads\/2018\/01\/DSC_0345-Conflit-de-casse.jpg\" alt=\"\" width=\"1600\" height=\"2400\" srcset=\"http:\/\/baltrad.fr\/marcetsescoussins\/wp-content\/uploads\/2018\/01\/DSC_0345-Conflit-de-casse.jpg 1600w, http:\/\/baltrad.fr\/marcetsescoussins\/wp-content\/uploads\/2018\/01\/DSC_0345-Conflit-de-casse-200x300.jpg 200w, http:\/\/baltrad.fr\/marcetsescoussins\/wp-content\/uploads\/2018\/01\/DSC_0345-Conflit-de-casse-768x1152.jpg 768w, http:\/\/baltrad.fr\/marcetsescoussins\/wp-content\/uploads\/2018\/01\/DSC_0345-Conflit-de-casse-683x1024.jpg 683w\" sizes=\"(max-width: 1600px) 100vw, 1600px\" \/><\/p>\n<\/div>\n<\/div>\n","protected":false},"excerpt":{"rendered":"<p>Dates \u00e0 venir : D 05\/07\/26 &#8211; Ordan-Larroque (32) S 19\/09\/26 &#8211; option Dates pass\u00e9es : 27\/09\/25 &#8211; Moncrabeau (47) 01\/05\/25 &#8211; Auch (32) 28\/09\/24 &#8211; Moncrabeau (47) 24\/08\/24 &#8211; Roques (32) 13\/07\/24 &#8211; Mirande (32) 11\/05\/24 &#8211; Pavie (32) : Festival Trad&rsquo;Envie 20\/01\/24 &#8211; Prayssas (47) 23\/09\/23 &#8211; Moncrabeau (47) 23\/06\/23 &#8211; Castelnau-Barbarens (32) [&hellip;]<\/p>\n","protected":false},"author":1,"featured_media":0,"parent":0,"menu_order":0,"comment_status":"closed","ping_status":"closed","template":"page-templates\/full-width-page.php","meta":{"footnotes":""},"_links":{"self":[{"href":"http:\/\/baltrad.fr\/marcetsescoussins\/wp-json\/wp\/v2\/pages\/840"}],"collection":[{"href":"http:\/\/baltrad.fr\/marcetsescoussins\/wp-json\/wp\/v2\/pages"}],"about":[{"href":"http:\/\/baltrad.fr\/marcetsescoussins\/wp-json\/wp\/v2\/types\/page"}],"author":[{"embeddable":true,"href":"http:\/\/baltrad.fr\/marcetsescoussins\/wp-json\/wp\/v2\/users\/1"}],"replies":[{"embeddable":true,"href":"http:\/\/baltrad.fr\/marcetsescoussins\/wp-json\/wp\/v2\/comments?post=840"}],"version-history":[{"count":24,"href":"http:\/\/baltrad.fr\/marcetsescoussins\/wp-json\/wp\/v2\/pages\/840\/revisions"}],"predecessor-version":[{"id":922,"href":"http:\/\/baltrad.fr\/marcetsescoussins\/wp-json\/wp\/v2\/pages\/840\/revisions\/922"}],"wp:attachment":[{"href":"http:\/\/baltrad.fr\/marcetsescoussins\/wp-json\/wp\/v2\/media?parent=840"}],"curies":[{"name":"wp","href":"https:\/\/api.w.org\/{rel}","templated":true}]}}